{"id":2922,"date":"2022-05-22T06:18:50","date_gmt":"2022-05-22T04:18:50","guid":{"rendered":"https:\/\/silviarodrigueznutrition.com\/?page_id=2922"},"modified":"2024-05-02T13:12:26","modified_gmt":"2024-05-02T11:12:26","slug":"politica-de-privacidade","status":"publish","type":"page","link":"https:\/\/silviarodrigueznutrition.com\/pt-pt\/politica-de-privacidade\/","title":{"rendered":"Pol\u00edtica de Privacidade"},"content":{"rendered":"<p>Em cumprimento do Regulamento (UE) 2016\/679 do Parlamento Europeu e do Conselho, de 27 de abril de 2016, relativo \u00e0 prote\u00e7\u00e3o das pessoas singulares no que diz respeito ao tratamento de dados pessoais, pelo qual se revoga a diretiva 95\/46\/CE (doravante, RGPD), da Lei 34\/2002, de 11 de julho, de servi\u00e7os da sociedade de informa\u00e7\u00e3o e com\u00e9rcio eletr\u00f3nico (doravante, LSSI-CE) e da Lei Org\u00e2nica 3\/2018, de Prote\u00e7\u00e3o de Dados Pessoais e garantia dos direitos digitais (doravante, LOPDGDD), Silvia Rodr\u00edguez garante a prote\u00e7\u00e3o e confidencialidade dos dados pessoais, de qualquer tipo que nos forne\u00e7am nossos clientes, de acordo com o disposto no Regulamento Geral de Prote\u00e7\u00e3o de Dados de Car\u00e1ter Pessoal.<\/p>\n<p>Os dados fornecidos ser\u00e3o tratados nos termos estabelecidos no RGPD, nesse sentido Silvia Rodr\u00edguez adotou os n\u00edveis de prote\u00e7\u00e3o que legalmente s\u00e3o exigidos, e instalou todas as medidas t\u00e9cnicas ao seu alcance para evitar a perda, mau uso, altera\u00e7\u00e3o, acesso n\u00e3o autorizado por terceiros, expostos a seguir. No entanto, o usu\u00e1rio deve estar ciente de que as medidas de seguran\u00e7a na Internet n\u00e3o s\u00e3o infal\u00edveis.<\/p>\n<p><strong>Respons\u00e1vel pelo tratamento<\/strong><br \/>\nDenomina\u00e7\u00e3o: Silvia Rodr\u00edguez<br \/>\nCIF\/DNI: 76418630A<br \/>\nEndere\u00e7o: 11, Rue Maria Teresa, 7345 Heisdorf (Steinsel), Luxemburgo<br \/>\nTelefone: +352 661 418 631<br \/>\nEmail: info@silviarodrigueznutrition.com <\/p>\n<p><strong>Finalidade do tratamento<\/strong><br \/>\nTodos os dados fornecidos por nossos clientes e\/ou visitantes no site de Silvia Rodr\u00edguez ou ao seu pessoal, ser\u00e3o inclu\u00eddos em registro de atividades de tratamento de dados de car\u00e1ter pessoal, criado e mantido sob a responsabilidade de Silvia Rodr\u00edguez, imprescind\u00edveis para prestar os servi\u00e7os solicitados pelos usu\u00e1rios, ou para resolver as d\u00favidas ou quest\u00f5es levantadas por nossos visitantes. Nossa pol\u00edtica \u00e9 n\u00e3o elaborar perfis sobre os usu\u00e1rios dos nossos servi\u00e7os.<\/p>\n<p><strong>Legitimidade do tratamento<\/strong><\/p>\n<ol type=\"a\">\n<li>Rela\u00e7\u00e3o contratual: \u00c9 a que se aplica quando compra um dos nossos produtos ou contrata algum dos nossos servi\u00e7os.<\/li>\n<li>Interesse leg\u00edtimo: Para atender \u00e0s consultas e reclama\u00e7\u00f5es que nos forem apresentadas e para gerir a cobran\u00e7a das quantias devidas.<\/li>\n<li>Seu consentimento: Se \u00e9 usu\u00e1rio do nosso site, mediante a marca\u00e7\u00e3o da caixa que figura no formul\u00e1rio de contato, nos autoriza a que lhe remetamos as comunica\u00e7\u00f5es necess\u00e1rias para dar resposta \u00e0 consulta ou solicita\u00e7\u00e3o de informa\u00e7\u00e3o levantada.<\/li>\n<\/ol>\n<p><strong>Destinat\u00e1rios<\/strong><br \/>\nN\u00e3o cedemos os seus dados pessoais a ningu\u00e9m, exceto \u00e0quelas entidades p\u00fablicas ou privadas \u00e0s quais estamos obrigados a fornecer os seus dados pessoais em virtude do cumprimento de alguma lei. Por exemplo, a Lei Tribut\u00e1ria obriga a fornecer \u00e0 Ag\u00eancia Tribut\u00e1ria certa informa\u00e7\u00e3o sobre opera\u00e7\u00f5es econ\u00f3micas que superem uma determinada quantidade.<\/p>\n<p>No caso de que, \u00e0 parte dos casos mencionados, precisemos divulgar a sua informa\u00e7\u00e3o pessoal a outras entidades, solicitaremos previamente a sua permiss\u00e3o atrav\u00e9s de op\u00e7\u00f5es claras que lhe permitir\u00e3o decidir a esse respeito.<\/p>\n<p><strong>Comunica\u00e7\u00e3o<\/strong><br \/>\nN\u00e3o realizaremos transfer\u00eancias internacionais dos seus dados pessoais para nenhuma das finalidades indicadas.<\/p>\n<p><strong>Conserva\u00e7\u00e3o<\/strong><br \/>\nS\u00f3 conservaremos os seus dados pessoais pelo tempo que for necess\u00e1rio para alcan\u00e7ar os fins para os quais foram recolhidos. Ao determinar o per\u00edodo de conserva\u00e7\u00e3o oportuno, examinamos os riscos que envolve o tratamento, bem como as nossas obriga\u00e7\u00f5es contratuais, legais e regulamentares, as pol\u00edticas internas de conserva\u00e7\u00e3o de dados e os nossos interesses de neg\u00f3cio leg\u00edtimos descritos neste Aviso de Privacidade e Pol\u00edtica de Cookies.<\/p>\n<p>Neste sentido, Silvia Rodr\u00edguez conservar\u00e1<\/p>\n<p> os dados pessoais uma vez terminada a sua rela\u00e7\u00e3o connosco, devidamente bloqueados, durante o prazo de prescri\u00e7\u00e3o das a\u00e7\u00f5es que pudessem derivar da rela\u00e7\u00e3o mantida com o interessado.<\/p>\n<p>Uma vez bloqueados, os seus dados ser\u00e3o inacess\u00edveis para Silvia Rodr\u00edguez, e n\u00e3o ser\u00e3o tratados exceto para a sua disponibiliza\u00e7\u00e3o \u00e0s Administra\u00e7\u00f5es p\u00fablicas, Ju\u00edzes e Tribunais, para a aten\u00e7\u00e3o das poss\u00edveis responsabilidades nascidas dos tratamentos, bem como para o exerc\u00edcio e defesa de reclama\u00e7\u00f5es perante a Ag\u00eancia Espanhola de Prote\u00e7\u00e3o de Dados.<\/p>\n<p><strong>Seguran\u00e7a<\/strong><br \/>\nEmpregamos todos os esfor\u00e7os razo\u00e1veis para manter a confidencialidade da informa\u00e7\u00e3o pessoal que seja tratada nos nossos sistemas. Mantemos estritos n\u00edveis de seguran\u00e7a para proteger os dados de car\u00e1ter pessoal que processamos frente a perdas fortuitas e a acessos, tratamentos ou revela\u00e7\u00f5es n\u00e3o autorizados, tendo em conta o estado da tecnologia, a natureza e os riscos a que est\u00e3o expostos os dados. No entanto, n\u00e3o podemos responsabilizar-nos pelo uso que voc\u00ea fa\u00e7a dos dados (inclu\u00eddo usu\u00e1rio e senha) que utilize no nosso site. O nosso pessoal segue estritas normas de privacidade e, no caso de contratarmos terceiros para prestar servi\u00e7os de apoio, exigimos que cumpram as mesmas normas e nos permitam audit\u00e1-los para verificar o seu cumprimento.<\/p>\n<p><strong>Os seus direitos<\/strong><br \/>\nInformamos-lhe que poder\u00e1 exercer os seguintes direitos:<\/p>\n<ol type=\"a\">\n<li>Direito de acesso aos seus dados pessoais, para saber quais est\u00e3o sendo objeto de tratamento e as opera\u00e7\u00f5es de tratamento realizadas com eles;<\/li>\n<li>Direito de retifica\u00e7\u00e3o de qualquer dado pessoal inexato;<\/li>\n<li>Direito de supress\u00e3o dos seus dados pessoais, quando isso for poss\u00edvel (por exemplo, por imperativo legal);<\/li>\n<li>Direito de limita\u00e7\u00e3o do tratamento dos seus dados pessoais quando a exatid\u00e3o, a legalidade ou a necessidade do tratamento dos dados seja duvidosa, nesse caso, poderemos conserv\u00e1-los para o exerc\u00edcio ou a defesa de reclama\u00e7\u00f5es.<\/li>\n<li>Direito de oposi\u00e7\u00e3o ao tratamento dos seus dados pessoais, quando a base legal que nos habilite para o seu tratamento das indicadas seja o nosso interesse leg\u00edtimo. Silvia Rodr\u00edguez deixar\u00e1 de tratar os seus dados salvo que tenha um interesse leg\u00edtimo ou seja necess\u00e1rio para a defesa de reclama\u00e7\u00f5es.<\/li>\n<li>Direito \u00e0 portabilidade dos seus dados, quando a base legal que nos habilite para o seu tratamento seja a exist\u00eancia de uma rela\u00e7\u00e3o contratual ou o seu consentimento.<\/li>\n<li>Direito a revogar o consentimento concedido a Silvia Rodr\u00edguez <\/li>\n<\/ol>\n<p>Para exercer os seus direitos, pode faz\u00ea-lo de forma gratuita e a qualquer momento contactando-nos no endere\u00e7o 11, Rue Maria Teresa, 7345 Heisdorf (Steinsel), Luxemburgo, anexando c\u00f3pia do seu BI.<\/p>\n<p><strong>Tutela de direitos<\/strong><br \/>\nCaso entenda que os seus direitos foram desatendidos pela nossa entidade, pode formular uma reclama\u00e7\u00e3o na Ag\u00eancia Espanhola de Prote\u00e7\u00e3o de Dados, atrav\u00e9s de algum dos meios seguintes:<\/p>\n<ul>\n<li>Sede eletr\u00f3nica: <a href=\"https:\/\/www.aepd.es\">https:\/\/www.aepd.es<\/a><\/li>\n<li>Correio postal: Ag\u00eancia Espanhola de Prote\u00e7\u00e3o de Dados, C\/ Jorge Juan, 6, 28001, Madrid<\/li>\n<li>Telefone: 901.100.099 e 912.663.517<\/li>\n<\/ul>\n<p>Formular uma reclama\u00e7\u00e3o na Ag\u00eancia Espanhola de Prote\u00e7\u00e3o de Dados n\u00e3o implica nenhum custo e n\u00e3o \u00e9 necess\u00e1ria a assist\u00eancia de advogado nem procurador.<\/p>\n<p><strong>Atualiza\u00e7\u00f5es<\/strong><br \/>\nSilvia Rodr\u00edguez reserva-se o direito de modificar a presente pol\u00edtica para adapt\u00e1-la a novidades legislativas ou jurisprudenciais que possam afetar o cumprimento da mesma.<\/p>\n","protected":false},"excerpt":{"rendered":"<p>Em cumprimento do Regulamento (UE) 2016\/679 do Parlamento Europeu e do Conselho, de 27 de abril de 2016, relativo \u00e0 prote\u00e7\u00e3o das pessoas singulares no que diz respeito ao tratamento de dados pessoais, pelo qual se revoga a diretiva 95\/46\/CE (doravante, RGPD), da Lei 34\/2002, de 11 de julho, de servi\u00e7os da sociedade de informa\u00e7\u00e3o&hellip;<\/p>\n","protected":false},"author":1,"featured_media":0,"parent":0,"menu_order":0,"comment_status":"closed","ping_status":"closed","template":"","meta":{"_acf_changed":false,"footnotes":""},"class_list":["post-2922","page","type-page","status-publish","hentry","description-off"],"acf":[],"yoast_head":"<!-- This site is optimized with the Yoast SEO plugin v25.5 - https:\/\/yoast.com\/wordpress\/plugins\/seo\/ -->\n<title>Pol\u00edtica de Privacidade - Silvia Rodr\u00edguez<\/title>\n<meta name=\"robots\" content=\"noindex, follow\" \/>\n<meta property=\"og:locale\" content=\"pt_PT\" \/>\n<meta property=\"og:type\" content=\"article\" \/>\n<meta property=\"og:title\" content=\"Pol\u00edtica de Privacidade - Silvia Rodr\u00edguez\" \/>\n<meta property=\"og:description\" content=\"Em cumprimento do Regulamento (UE) 2016\/679 do Parlamento Europeu e do Conselho, de 27 de abril de 2016, relativo \u00e0 prote\u00e7\u00e3o das pessoas singulares no que diz respeito ao tratamento de dados pessoais, pelo qual se revoga a diretiva 95\/46\/CE (doravante, RGPD), da Lei 34\/2002, de 11 de julho, de servi\u00e7os da sociedade de informa\u00e7\u00e3o&hellip;\" \/>\n<meta property=\"og:url\" content=\"https:\/\/silviarodrigueznutrition.com\/pt-pt\/politica-de-privacidade\/\" \/>\n<meta property=\"og:site_name\" content=\"Silvia Rodr\u00edguez\" \/>\n<meta property=\"article:modified_time\" content=\"2024-05-02T11:12:26+00:00\" \/>\n<meta name=\"twitter:card\" content=\"summary_large_image\" \/>\n<meta name=\"twitter:label1\" content=\"Tempo estimado de leitura\" \/>\n\t<meta name=\"twitter:data1\" content=\"6 minutos\" \/>\n<script type=\"application\/ld+json\" class=\"yoast-schema-graph\">{\"@context\":\"https:\/\/schema.org\",\"@graph\":[{\"@type\":\"WebPage\",\"@id\":\"https:\/\/silviarodrigueznutrition.com\/pt-pt\/politica-de-privacidade\/\",\"url\":\"https:\/\/silviarodrigueznutrition.com\/pt-pt\/politica-de-privacidade\/\",\"name\":\"Pol\u00edtica de Privacidade - Silvia Rodr\u00edguez\",\"isPartOf\":{\"@id\":\"https:\/\/silviarodrigueznutrition.com\/pt-pt\/#website\"},\"datePublished\":\"2022-05-22T04:18:50+00:00\",\"dateModified\":\"2024-05-02T11:12:26+00:00\",\"breadcrumb\":{\"@id\":\"https:\/\/silviarodrigueznutrition.com\/pt-pt\/politica-de-privacidade\/#breadcrumb\"},\"inLanguage\":\"pt-PT\",\"potentialAction\":[{\"@type\":\"ReadAction\",\"target\":[\"https:\/\/silviarodrigueznutrition.com\/pt-pt\/politica-de-privacidade\/\"]}]},{\"@type\":\"BreadcrumbList\",\"@id\":\"https:\/\/silviarodrigueznutrition.com\/pt-pt\/politica-de-privacidade\/#breadcrumb\",\"itemListElement\":[{\"@type\":\"ListItem\",\"position\":1,\"name\":\"Portada\",\"item\":\"https:\/\/silviarodrigueznutrition.com\/pt-pt\/\"},{\"@type\":\"ListItem\",\"position\":2,\"name\":\"Pol\u00edtica de Privacidade\"}]},{\"@type\":\"WebSite\",\"@id\":\"https:\/\/silviarodrigueznutrition.com\/pt-pt\/#website\",\"url\":\"https:\/\/silviarodrigueznutrition.com\/pt-pt\/\",\"name\":\"Silvia Rodr\u00edguez\",\"description\":\"Nutrition\",\"potentialAction\":[{\"@type\":\"SearchAction\",\"target\":{\"@type\":\"EntryPoint\",\"urlTemplate\":\"https:\/\/silviarodrigueznutrition.com\/pt-pt\/?s={search_term_string}\"},\"query-input\":{\"@type\":\"PropertyValueSpecification\",\"valueRequired\":true,\"valueName\":\"search_term_string\"}}],\"inLanguage\":\"pt-PT\"}]}<\/script>\n<!-- \/ Yoast SEO plugin. -->","yoast_head_json":{"title":"Pol\u00edtica de Privacidade - Silvia Rodr\u00edguez","robots":{"index":"noindex","follow":"follow"},"og_locale":"pt_PT","og_type":"article","og_title":"Pol\u00edtica de Privacidade - Silvia Rodr\u00edguez","og_description":"Em cumprimento do Regulamento (UE) 2016\/679 do Parlamento Europeu e do Conselho, de 27 de abril de 2016, relativo \u00e0 prote\u00e7\u00e3o das pessoas singulares no que diz respeito ao tratamento de dados pessoais, pelo qual se revoga a diretiva 95\/46\/CE (doravante, RGPD), da Lei 34\/2002, de 11 de julho, de servi\u00e7os da sociedade de informa\u00e7\u00e3o&hellip;","og_url":"https:\/\/silviarodrigueznutrition.com\/pt-pt\/politica-de-privacidade\/","og_site_name":"Silvia Rodr\u00edguez","article_modified_time":"2024-05-02T11:12:26+00:00","twitter_card":"summary_large_image","twitter_misc":{"Tempo estimado de leitura":"6 minutos"},"schema":{"@context":"https:\/\/schema.org","@graph":[{"@type":"WebPage","@id":"https:\/\/silviarodrigueznutrition.com\/pt-pt\/politica-de-privacidade\/","url":"https:\/\/silviarodrigueznutrition.com\/pt-pt\/politica-de-privacidade\/","name":"Pol\u00edtica de Privacidade - Silvia Rodr\u00edguez","isPartOf":{"@id":"https:\/\/silviarodrigueznutrition.com\/pt-pt\/#website"},"datePublished":"2022-05-22T04:18:50+00:00","dateModified":"2024-05-02T11:12:26+00:00","breadcrumb":{"@id":"https:\/\/silviarodrigueznutrition.com\/pt-pt\/politica-de-privacidade\/#breadcrumb"},"inLanguage":"pt-PT","potentialAction":[{"@type":"ReadAction","target":["https:\/\/silviarodrigueznutrition.com\/pt-pt\/politica-de-privacidade\/"]}]},{"@type":"BreadcrumbList","@id":"https:\/\/silviarodrigueznutrition.com\/pt-pt\/politica-de-privacidade\/#breadcrumb","itemListElement":[{"@type":"ListItem","position":1,"name":"Portada","item":"https:\/\/silviarodrigueznutrition.com\/pt-pt\/"},{"@type":"ListItem","position":2,"name":"Pol\u00edtica de Privacidade"}]},{"@type":"WebSite","@id":"https:\/\/silviarodrigueznutrition.com\/pt-pt\/#website","url":"https:\/\/silviarodrigueznutrition.com\/pt-pt\/","name":"Silvia Rodr\u00edguez","description":"Nutrition","potentialAction":[{"@type":"SearchAction","target":{"@type":"EntryPoint","urlTemplate":"https:\/\/silviarodrigueznutrition.com\/pt-pt\/?s={search_term_string}"},"query-input":{"@type":"PropertyValueSpecification","valueRequired":true,"valueName":"search_term_string"}}],"inLanguage":"pt-PT"}]}},"_links":{"self":[{"href":"https:\/\/silviarodrigueznutrition.com\/pt-pt\/wp-json\/wp\/v2\/pages\/2922","targetHints":{"allow":["GET"]}}],"collection":[{"href":"https:\/\/silviarodrigueznutrition.com\/pt-pt\/wp-json\/wp\/v2\/pages"}],"about":[{"href":"https:\/\/silviarodrigueznutrition.com\/pt-pt\/wp-json\/wp\/v2\/types\/page"}],"author":[{"embeddable":true,"href":"https:\/\/silviarodrigueznutrition.com\/pt-pt\/wp-json\/wp\/v2\/users\/1"}],"replies":[{"embeddable":true,"href":"https:\/\/silviarodrigueznutrition.com\/pt-pt\/wp-json\/wp\/v2\/comments?post=2922"}],"version-history":[{"count":2,"href":"https:\/\/silviarodrigueznutrition.com\/pt-pt\/wp-json\/wp\/v2\/pages\/2922\/revisions"}],"predecessor-version":[{"id":2924,"href":"https:\/\/silviarodrigueznutrition.com\/pt-pt\/wp-json\/wp\/v2\/pages\/2922\/revisions\/2924"}],"wp:attachment":[{"href":"https:\/\/silviarodrigueznutrition.com\/pt-pt\/wp-json\/wp\/v2\/media?parent=2922"}],"curies":[{"name":"wp","href":"https:\/\/api.w.org\/{rel}","templated":true}]}}